{"id":19348,"date":"2017-06-29T16:31:35","date_gmt":"2017-06-29T18:31:35","guid":{"rendered":"http:\/\/www.encontramoema.com.br\/sobre\/?page_id=19348"},"modified":"2017-08-03T11:53:47","modified_gmt":"2017-08-03T13:53:47","slug":"iasd-moema","status":"publish","type":"page","link":"https:\/\/www.encontramoema.com.br\/sobre\/iasd-moema\/","title":{"rendered":"IASD Moema"},"content":{"rendered":"<div class=\"b7f545a958fd6350ffae2d30a84cafb8\" data-index=\"1\" style=\"float: none; margin:0px;\">\n<!-- Anuncio display - global -->\r\n<ins class=\"adsbygoogle\"\r\n     style=\"display:block\"\r\n     data-ad-client=\"ca-pub-8585364105181520\"\r\n     data-ad-slot=\"8789329856\"\r\n     data-ad-format=\"auto\"\r\n     data-full-width-responsive=\"true\"><\/ins>\r\n<script>\r\n     (adsbygoogle = window.adsbygoogle || []).push({});\r\n<\/script>\n<\/div>\n<p><em>Igreja Adventista do S\u00e9timo Dia<\/em> ou simplesmente <strong>IASD Moema<\/strong> como \u00e9 conhecida, tem este nome porque suas duas principais cren\u00e7as, baseadas na <em>B\u00edblia Sagrada<\/em>, s\u00e3o: a volta de Jesus Cristo e a guarda do dia de <em>S\u00e1bado<\/em> como dia santo.<\/p>\n<p>Veja mais sobre a <em>IASD ( Igreja Adventista do S\u00e9timo Dia ) Moema<\/em> abaixo.<\/p>\n<p><img loading=\"lazy\" decoding=\"async\" class=\"alignnone wp-image-19350 size-full\" title=\"IASD Moema\" src=\"http:\/\/www.encontramoema.com.br\/sobre\/wp-content\/uploads\/2017\/06\/iasd-moema.jpg\" alt=\"IASD Moema\" width=\"680\" height=\"189\" srcset=\"https:\/\/www.encontramoema.com.br\/sobre\/wp-content\/uploads\/2017\/06\/iasd-moema.jpg 680w, https:\/\/www.encontramoema.com.br\/sobre\/wp-content\/uploads\/2017\/06\/iasd-moema-300x83.jpg 300w\" sizes=\"auto, (max-width: 680px) 100vw, 680px\" \/><\/p>\n<p><em>Adventista<\/em> porque aguardam o advento de Jesus e <em>S\u00e9timo Dia<\/em>, porque o <em>S\u00e1bado<\/em> \u00e9 o s\u00e9timo dia da semana.<\/p>\n<p>A <em>B\u00edblia<\/em> \u00e9 muito clara quando menciona por diversas vezes estes dois fatos, e como a <em>IASD<\/em> tem todos os seus princ\u00edpios baseados exclusivamente na <em>B\u00edblia<\/em>, tanto no <em>Velho<\/em> como no <em>Novo Testamento<\/em>,\u00a0eles aceitam estes fundamentos e fazem deles o seu\u00a0viver.<\/p>\n<h2>R\u00e1dio Moema<\/h2>\n<p>As transmiss\u00f5es\u00a0<em>Ao Vivo da R\u00e1dio Moema<\/em>\u00a0da Igreja Adventista acontecem:<\/p>\n<ul>\n<li><strong>R\u00e1dio:<\/strong> Sexta \u00e0s 20h<\/li>\n<\/ul>\n<p>Para acompanhar a <a href=\"http:\/\/radio.iasdmoema.org.br\/novaradio\/\" target=\"_blank\" rel=\"noopener noreferrer\">R\u00e1dio Moema \u00bb clique aqui<\/a><\/p>\n<h3>IASD Moema Ao Vivo<\/h3>\n<p>As transmiss\u00f5es <em>Ao Vivo<\/em>\u00a0da Igreja Adventista acontecem:<\/p>\n<ul>\n<li><strong>Tv:<\/strong> S\u00e1bado \u00e0s 8h30 e 11h30 e Domingo \u00e0s 19h<\/li>\n<\/ul>\n<p>Para acompanhar as transmiss\u00f5es acesse o site da <em>IASD<\/em> abaixo.<\/p>\n<h3>Hor\u00e1rio de Funcionamento IASD\u00a0Moema<\/h3>\n<ul>\n<li>Quarta das 19h \u00e0s 21h30, S\u00e1bado das 8h \u00e0s 18h e Domingo das 19h \u00e0s 21h30<\/li>\n<\/ul>\n<h3>Endere\u00e7o e Telefone Igreja Adventista de\u00a0Moema<\/h3>\n<ul>\n<li>Av. Chibar\u00e1s, 185, Moema\u00a0&#8211; S\u00e3o Paulo &#8211; SP<\/li>\n<li>Telefone: (11)\u00a05051-2716<\/li>\n<\/ul>\n<h4>Outras Informa\u00e7\u00f5es, Facebook e Site Oficial:<\/h4>\n<ul>\n<li>Mais informa\u00e7\u00f5es:\u00a0<a href=\"http:\/\/press.iasdmoema.org.br\/\" target=\"_blank\" rel=\"noopener noreferrer\">www.iasdmoema.org.br<\/a><\/li>\n<li>Facebook:\u00a0<a href=\"https:\/\/www.facebook.com\/IASDMOEMA\/\" target=\"_blank\" rel=\"noopener noreferrer\">www.facebook.com\/IASDMOEMA<\/a><\/li>\n<li><a href=\"http:\/\/www.encontramoema.com.br\/sobre\/igrejas-de-moema\/\"><span style=\"text-decoration: underline;\">Veja outras Igrejas em Moema aqui<\/span><\/a><\/li>\n<\/ul>\n<h4>Mapa de localiza\u00e7\u00e3o:<\/h4>\n<a class=\"wp-colorbox-iframe\" href=\"https:\/\/www.google.com\/maps\/embed?pb=!1m14!1m8!1m3!1d14624.198873155825!2d-46.6588792!3d-23.6025498!3m2!1i1024!2i768!4f13.1!3m3!1m2!1s0x00xe5827cc76d1bf945!2sIgreja+Adventista+do+Stimo+Dia+de+Moema!5e0!3m2!1spt-BR!2sbr!4v1498760881782\"><img decoding=\"async\" src=\"http:\/\/www.encontramoema.com.br\/imgs\/maps-post.png\"><\/a>\n\n<div style=\"font-size: 0px; height: 0px; line-height: 0px; margin: 0; padding: 0; clear: both;\"><\/div>","protected":false},"excerpt":{"rendered":"<p>Igreja Adventista do S\u00e9timo Dia ou simplesmente IASD Moema como \u00e9 conhecida, tem este nome porque suas duas principais cren\u00e7as, baseadas na B\u00edblia Sagrada, s\u00e3o: a volta de Jesus Cristo e a guarda do dia de S\u00e1bado como dia santo. Veja mais sobre a IASD ( Igreja Adventista do S\u00e9timo Dia ) Moema abaixo. Adventista porque aguardam o advento de Jesus e S\u00e9timo Dia, porque o S\u00e1bado \u00e9 o s\u00e9timo dia da semana. A B\u00edblia \u00e9 muito clara quando menciona por diversas vezes estes dois fatos, e como a IASD tem todos os seus princ\u00edpios baseados exclusivamente na B\u00edblia, tanto <\/p>\n","protected":false},"author":1,"featured_media":0,"parent":0,"menu_order":0,"comment_status":"closed","ping_status":"closed","template":"","meta":{"footnotes":""},"class_list":["post-19348","page","type-page","status-publish","hentry"],"yoast_head":"<!-- This site is optimized with the Yoast SEO plugin v26.3 - https:\/\/yoast.com\/wordpress\/plugins\/seo\/ -->\n<title>IASD Moema - Encontra Moema<\/title>\n<meta name=\"robots\" content=\"index, follow, max-snippet:-1, max-image-preview:large, max-video-preview:-1\" \/>\n<link rel=\"canonical\" href=\"https:\/\/www.encontramoema.com.br\/sobre\/iasd-moema\/\" \/>\n<meta property=\"og:locale\" content=\"pt_BR\" \/>\n<meta property=\"og:type\" content=\"article\" \/>\n<meta property=\"og:title\" content=\"IASD Moema - Encontra Moema\" \/>\n<meta property=\"og:description\" content=\"Igreja Adventista do S\u00e9timo Dia ou simplesmente IASD Moema como \u00e9 conhecida, tem este nome porque suas duas principais cren\u00e7as, baseadas na B\u00edblia Sagrada, s\u00e3o: a volta de Jesus Cristo e a guarda do dia de S\u00e1bado como dia santo. Veja mais sobre a IASD ( Igreja Adventista do S\u00e9timo Dia ) Moema abaixo. Adventista porque aguardam o advento de Jesus e S\u00e9timo Dia, porque o S\u00e1bado \u00e9 o s\u00e9timo dia da semana. A B\u00edblia \u00e9 muito clara quando menciona por diversas vezes estes dois fatos, e como a IASD tem todos os seus princ\u00edpios baseados exclusivamente na B\u00edblia, tanto\" \/>\n<meta property=\"og:url\" content=\"https:\/\/www.encontramoema.com.br\/sobre\/iasd-moema\/\" \/>\n<meta property=\"og:site_name\" content=\"Encontra Moema\" \/>\n<meta property=\"article:modified_time\" content=\"2017-08-03T13:53:47+00:00\" \/>\n<meta property=\"og:image\" content=\"http:\/\/www.encontramoema.com.br\/sobre\/wp-content\/uploads\/2017\/06\/iasd-moema.jpg\" \/>\n<meta name=\"twitter:card\" content=\"summary_large_image\" \/>\n<meta name=\"twitter:label1\" content=\"Est. tempo de leitura\" \/>\n\t<meta name=\"twitter:data1\" content=\"2 minutos\" \/>\n<script type=\"application\/ld+json\" class=\"yoast-schema-graph\">{\"@context\":\"https:\/\/schema.org\",\"@graph\":[{\"@type\":\"WebPage\",\"@id\":\"https:\/\/www.encontramoema.com.br\/sobre\/iasd-moema\/\",\"url\":\"https:\/\/www.encontramoema.com.br\/sobre\/iasd-moema\/\",\"name\":\"IASD Moema - Encontra Moema\",\"isPartOf\":{\"@id\":\"https:\/\/www.encontramoema.com.br\/sobre\/#website\"},\"primaryImageOfPage\":{\"@id\":\"https:\/\/www.encontramoema.com.br\/sobre\/iasd-moema\/#primaryimage\"},\"image\":{\"@id\":\"https:\/\/www.encontramoema.com.br\/sobre\/iasd-moema\/#primaryimage\"},\"thumbnailUrl\":\"http:\/\/www.encontramoema.com.br\/sobre\/wp-content\/uploads\/2017\/06\/iasd-moema.jpg\",\"datePublished\":\"2017-06-29T18:31:35+00:00\",\"dateModified\":\"2017-08-03T13:53:47+00:00\",\"breadcrumb\":{\"@id\":\"https:\/\/www.encontramoema.com.br\/sobre\/iasd-moema\/#breadcrumb\"},\"inLanguage\":\"pt-BR\",\"potentialAction\":[{\"@type\":\"ReadAction\",\"target\":[\"https:\/\/www.encontramoema.com.br\/sobre\/iasd-moema\/\"]}]},{\"@type\":\"ImageObject\",\"inLanguage\":\"pt-BR\",\"@id\":\"https:\/\/www.encontramoema.com.br\/sobre\/iasd-moema\/#primaryimage\",\"url\":\"https:\/\/www.encontramoema.com.br\/sobre\/wp-content\/uploads\/2017\/06\/iasd-moema.jpg\",\"contentUrl\":\"https:\/\/www.encontramoema.com.br\/sobre\/wp-content\/uploads\/2017\/06\/iasd-moema.jpg\",\"width\":680,\"height\":189},{\"@type\":\"BreadcrumbList\",\"@id\":\"https:\/\/www.encontramoema.com.br\/sobre\/iasd-moema\/#breadcrumb\",\"itemListElement\":[{\"@type\":\"ListItem\",\"position\":1,\"name\":\"In\u00edcio\",\"item\":\"https:\/\/www.encontramoema.com.br\/sobre\/\"},{\"@type\":\"ListItem\",\"position\":2,\"name\":\"IASD Moema\"}]},{\"@type\":\"WebSite\",\"@id\":\"https:\/\/www.encontramoema.com.br\/sobre\/#website\",\"url\":\"https:\/\/www.encontramoema.com.br\/sobre\/\",\"name\":\"Encontra Moema\",\"description\":\"Not\u00edcias, eventos, informa\u00e7\u00f5es e dicas no bairro de Moema e regi\u00e3o.\",\"potentialAction\":[{\"@type\":\"SearchAction\",\"target\":{\"@type\":\"EntryPoint\",\"urlTemplate\":\"https:\/\/www.encontramoema.com.br\/sobre\/?s={search_term_string}\"},\"query-input\":{\"@type\":\"PropertyValueSpecification\",\"valueRequired\":true,\"valueName\":\"search_term_string\"}}],\"inLanguage\":\"pt-BR\"}]}<\/script>\n<!-- \/ Yoast SEO plugin. -->","yoast_head_json":{"title":"IASD Moema - Encontra Moema","robots":{"index":"index","follow":"follow","max-snippet":"max-snippet:-1","max-image-preview":"max-image-preview:large","max-video-preview":"max-video-preview:-1"},"canonical":"https:\/\/www.encontramoema.com.br\/sobre\/iasd-moema\/","og_locale":"pt_BR","og_type":"article","og_title":"IASD Moema - Encontra Moema","og_description":"Igreja Adventista do S\u00e9timo Dia ou simplesmente IASD Moema como \u00e9 conhecida, tem este nome porque suas duas principais cren\u00e7as, baseadas na B\u00edblia Sagrada, s\u00e3o: a volta de Jesus Cristo e a guarda do dia de S\u00e1bado como dia santo. Veja mais sobre a IASD ( Igreja Adventista do S\u00e9timo Dia ) Moema abaixo. Adventista porque aguardam o advento de Jesus e S\u00e9timo Dia, porque o S\u00e1bado \u00e9 o s\u00e9timo dia da semana. A B\u00edblia \u00e9 muito clara quando menciona por diversas vezes estes dois fatos, e como a IASD tem todos os seus princ\u00edpios baseados exclusivamente na B\u00edblia, tanto","og_url":"https:\/\/www.encontramoema.com.br\/sobre\/iasd-moema\/","og_site_name":"Encontra Moema","article_modified_time":"2017-08-03T13:53:47+00:00","og_image":[{"url":"http:\/\/www.encontramoema.com.br\/sobre\/wp-content\/uploads\/2017\/06\/iasd-moema.jpg","type":"","width":"","height":""}],"twitter_card":"summary_large_image","twitter_misc":{"Est. tempo de leitura":"2 minutos"},"schema":{"@context":"https:\/\/schema.org","@graph":[{"@type":"WebPage","@id":"https:\/\/www.encontramoema.com.br\/sobre\/iasd-moema\/","url":"https:\/\/www.encontramoema.com.br\/sobre\/iasd-moema\/","name":"IASD Moema - Encontra Moema","isPartOf":{"@id":"https:\/\/www.encontramoema.com.br\/sobre\/#website"},"primaryImageOfPage":{"@id":"https:\/\/www.encontramoema.com.br\/sobre\/iasd-moema\/#primaryimage"},"image":{"@id":"https:\/\/www.encontramoema.com.br\/sobre\/iasd-moema\/#primaryimage"},"thumbnailUrl":"http:\/\/www.encontramoema.com.br\/sobre\/wp-content\/uploads\/2017\/06\/iasd-moema.jpg","datePublished":"2017-06-29T18:31:35+00:00","dateModified":"2017-08-03T13:53:47+00:00","breadcrumb":{"@id":"https:\/\/www.encontramoema.com.br\/sobre\/iasd-moema\/#breadcrumb"},"inLanguage":"pt-BR","potentialAction":[{"@type":"ReadAction","target":["https:\/\/www.encontramoema.com.br\/sobre\/iasd-moema\/"]}]},{"@type":"ImageObject","inLanguage":"pt-BR","@id":"https:\/\/www.encontramoema.com.br\/sobre\/iasd-moema\/#primaryimage","url":"https:\/\/www.encontramoema.com.br\/sobre\/wp-content\/uploads\/2017\/06\/iasd-moema.jpg","contentUrl":"https:\/\/www.encontramoema.com.br\/sobre\/wp-content\/uploads\/2017\/06\/iasd-moema.jpg","width":680,"height":189},{"@type":"BreadcrumbList","@id":"https:\/\/www.encontramoema.com.br\/sobre\/iasd-moema\/#breadcrumb","itemListElement":[{"@type":"ListItem","position":1,"name":"In\u00edcio","item":"https:\/\/www.encontramoema.com.br\/sobre\/"},{"@type":"ListItem","position":2,"name":"IASD Moema"}]},{"@type":"WebSite","@id":"https:\/\/www.encontramoema.com.br\/sobre\/#website","url":"https:\/\/www.encontramoema.com.br\/sobre\/","name":"Encontra Moema","description":"Not\u00edcias, eventos, informa\u00e7\u00f5es e dicas no bairro de Moema e regi\u00e3o.","potentialAction":[{"@type":"SearchAction","target":{"@type":"EntryPoint","urlTemplate":"https:\/\/www.encontramoema.com.br\/sobre\/?s={search_term_string}"},"query-input":{"@type":"PropertyValueSpecification","valueRequired":true,"valueName":"search_term_string"}}],"inLanguage":"pt-BR"}]}},"_links":{"self":[{"href":"https:\/\/www.encontramoema.com.br\/sobre\/wp-json\/wp\/v2\/pages\/19348","targetHints":{"allow":["GET"]}}],"collection":[{"href":"https:\/\/www.encontramoema.com.br\/sobre\/wp-json\/wp\/v2\/pages"}],"about":[{"href":"https:\/\/www.encontramoema.com.br\/sobre\/wp-json\/wp\/v2\/types\/page"}],"author":[{"embeddable":true,"href":"https:\/\/www.encontramoema.com.br\/sobre\/wp-json\/wp\/v2\/users\/1"}],"replies":[{"embeddable":true,"href":"https:\/\/www.encontramoema.com.br\/sobre\/wp-json\/wp\/v2\/comments?post=19348"}],"version-history":[{"count":0,"href":"https:\/\/www.encontramoema.com.br\/sobre\/wp-json\/wp\/v2\/pages\/19348\/revisions"}],"wp:attachment":[{"href":"https:\/\/www.encontramoema.com.br\/sobre\/wp-json\/wp\/v2\/media?parent=19348"}],"curies":[{"name":"wp","href":"https:\/\/api.w.org\/{rel}","templated":true}]}}